{"id":8937,"date":"2024-05-31T15:36:20","date_gmt":"2024-05-31T13:36:20","guid":{"rendered":"https:\/\/www.tapio.eco\/webinars\/18-juin-webinar-comment-integrer-le-developpement-durable-dans-le-modele-daffaires-des-entreprises-internationales\/"},"modified":"2024-08-09T14:09:46","modified_gmt":"2024-08-09T12:09:46","slug":"18-juin-webinar-comment-integrer-le-developpement-durable-dans-le-modele-daffaires-des-entreprises-internationales","status":"publish","type":"webinars","link":"https:\/\/www.tapio.eco\/fr\/events-webinars\/18-juin-webinar-comment-integrer-le-developpement-durable-dans-le-modele-daffaires-des-entreprises-internationales\/","title":{"rendered":"18 juin | Webinar | Int\u00e9grer le d\u00e9veloppement durable dans le mod\u00e8le d&rsquo;affaires des entreprises internationales"},"content":{"rendered":"\n<h1 class=\"wp-block-heading\">Comment int\u00e9grer le d\u00e9veloppement durable dans le mod\u00e8le op\u00e9rationnel des entreprises mondiales ?<\/h1>\n\n\n\n<p class=\"has-text-align-left\"><strong>Webinar &#8211; Mardi 18 juin &#8211; 11:30-12:15<\/strong> &#8211; <strong><a href=\"https:\/\/streamyard.com\/cciv55wuhw4n\" target=\"_blank\" rel=\"noreferrer noopener\">\u23ef Watch the replay here \u23ef<\/a><\/strong><\/p>\n\n\n\n&nbsp;\n\n\n\n<figure class=\"wp-block-image size-large\"><img loading=\"lazy\" decoding=\"async\" width=\"1024\" height=\"576\" src=\"https:\/\/www.tapio.eco\/wp-content\/uploads\/2024\/05\/Webinar-CBTW-Visuel-1024x576.jpg\" alt=\"\" class=\"wp-image-8927\" srcset=\"https:\/\/www.tapio.eco\/wp-content\/uploads\/2024\/05\/Webinar-CBTW-Visuel-1024x576.jpg 1024w, https:\/\/www.tapio.eco\/wp-content\/uploads\/2024\/05\/Webinar-CBTW-Visuel-300x169.jpg 300w, https:\/\/www.tapio.eco\/wp-content\/uploads\/2024\/05\/Webinar-CBTW-Visuel-768x432.jpg 768w, https:\/\/www.tapio.eco\/wp-content\/uploads\/2024\/05\/Webinar-CBTW-Visuel-1536x864.jpg 1536w, https:\/\/www.tapio.eco\/wp-content\/uploads\/2024\/05\/Webinar-CBTW-Visuel.jpg 1600w\" sizes=\"auto, (max-width: 1024px) 100vw, 1024px\" \/><\/figure>\n\n\n\n&nbsp;\n\n\n\n<p>\ud83d\udfe1 Curieux de savoir comment les entreprises mondiales int\u00e8grent le d\u00e9veloppement durable dans leur mod\u00e8le op\u00e9rationnel ? D\u00e9couvrez le cas inspirant de <a href=\"https:\/\/collaborationbetterstheworld.com\/\">CBTW<\/a> dans notre prochain webinaire ! \ud83d\udcbb<\/p>\n\n\n\n<p>Avec plus de 3000 personnes passionn\u00e9es \u00e0 travers 21 pays, CBTW s&rsquo;engage \u00e0 fournir des solutions technologiques et commerciales de premier ordre tout en ayant un impact positif sur le monde. \ud83c\udf0d<\/p>\n\n\n\n&nbsp;\n\n\n\n<p>Voici ce que nous allons aborder :<\/p>\n\n\n\n<p>\ud83c\udf3f <strong>L&rsquo;approche ESG et la gouvernance de CBTW :<\/strong> d\u00e9couvrez comment CBTW int\u00e8gre le d\u00e9veloppement durable dans ses op\u00e9rations, en ajoutant de la valeur interne et en transformant le mod\u00e8le d&rsquo;entreprise.<\/p>\n\n\n\n<p>\ud83c\udf0e <strong> CSRD et SBTi : <\/strong> explorer les initiatives de RSE et l&rsquo;engagement du SBTi, y compris des aper\u00e7us du rapport carbone et des processus de collecte de donn\u00e9es dans les grandes entreprises avec Colin Royer (Ing\u00e9nieur en d\u00e9veloppement durable &#8211; Tapio).<\/p>\n\n\n\n<p><strong>\ud83d\ude80CBTW brand strategy and vision :<\/strong> Anna (Brand Leader &#8211; CBTW) partagera les efforts de CBTW en mati\u00e8re de d\u00e9veloppement durable et sa vision d&rsquo;un avenir meilleur, y compris le r\u00f4le de Tapio dans l&rsquo;alignement sur la strat\u00e9gie globale de CBTW.<\/p>\n\n\n\n&nbsp;\n\n\n\n<p>Inscrivez-vous maintenant !<\/p>\n\n\n\n&nbsp;\n\n\n\n<h3 class=\"wp-block-heading\">Informations pratiques<\/h3>\n\n\n\n&nbsp;\n\n\n\n<p>\ud83d\udcc5 Mardi 18\/06<\/p>\n\n\n\n<p>\ud83d\udd66 De 11h30 \u00e0 12h15 (30 minutes de pr\u00e9sentation and 15 minutes de Q&amp;A)<\/p>\n\n\n\n<p>\ud83c\udf99 Speakers : <\/p>\n\n\n\n<ul class=\"wp-block-list\">\n<li>Claudia Egavian (Sustainability Project Manager &#8211; CBTW) <\/li>\n<\/ul>\n\n\n\n<ul class=\"wp-block-list\">\n<li>Anna Wiegand (Brand Leader &#8211; CBTW) <\/li>\n<\/ul>\n\n\n\n<ul class=\"wp-block-list\">\n<li>Enrico Maset (ESG Officer &#8211; CBTW) <\/li>\n<\/ul>\n\n\n\n<ul class=\"wp-block-list\">\n<li>Colin Royer (Sustainability Engineer &#8211; Tapio)<\/li>\n<\/ul>\n\n\n\n<ul class=\"wp-block-list\">\n<li><a href=\"https:\/\/www.linkedin.com\/in\/louis-collinet-34b13667\/\">Louis Collinet<\/a> (CEO Tapio)<\/li>\n<\/ul>\n\n\n\n<p>\u2705 Pr\u00e9sentation, \u00e9changes and Q&amp;A<\/p>\n\n\n\n<p>\ud83d\udde3 En anglais<\/p>\n\n\n\n&nbsp;\n\n\n\n&nbsp;\n\n\n\n<h2 class=\"wp-block-heading has-text-align-center\">D\u00e9couvrez le parcours de durabilit\u00e9 de CBTW !<\/h2>\n\n\n\n&nbsp;\n\n\n\n<div style=\"display:flex; justify-content:center;\"><a href=\"hhttps:\/\/streamyard.com\/watch\/HWxzVbUedK96\" class=\"btn-theme primary-border none\">Inscrivez-vous ici<\/a><\/div>\n\n\n\n&nbsp;\n\n\n\n&nbsp;\n\n\n\n&nbsp;\n","protected":false},"excerpt":{"rendered":"<p>D\u00e9couvrez le parcours de CBTW en mati\u00e8re de d\u00e9veloppement durable et obtenez des informations sur la mani\u00e8re de modifier le mod\u00e8le op\u00e9rationnel des entreprises mondiales pour plus de durabilit\u00e9 \ud83c\udf31<\/p>\n","protected":false},"author":23,"featured_media":9545,"comment_status":"open","ping_status":"closed","template":"","class_list":["post-8937","webinars","type-webinars","status-publish","has-post-thumbnail","hentry"],"acf":[],"yoast_head":"<!-- This site is optimized with the Yoast SEO plugin v27.4 - https:\/\/yoast.com\/product\/yoast-seo-wordpress\/ -->\n<title>18 juin | Webinar | Int\u00e9grer le d\u00e9veloppement durable dans le mod\u00e8le d&#039;affaires des entreprises internationales - Tapio<\/title>\n<meta name=\"description\" content=\"D\u00e9couvrez le parcours de CBTW en mati\u00e8re de d\u00e9veloppement durable et comment modifier le mod\u00e8le op\u00e9rationnel des entreprises mondiales pour plus de durabilit\u00e9 \ud83c\udf31\" \/>\n<meta name=\"robots\" content=\"index, follow, max-snippet:-1, max-image-preview:large, max-video-preview:-1\" \/>\n<link rel=\"canonical\" href=\"https:\/\/www.tapio.eco\/fr\/events-webinars\/18-juin-webinar-comment-integrer-le-developpement-durable-dans-le-modele-daffaires-des-entreprises-internationales\/\" \/>\n<meta property=\"og:locale\" content=\"fr_FR\" \/>\n<meta property=\"og:type\" content=\"article\" \/>\n<meta property=\"og:title\" content=\"18 juin | Webinar | Int\u00e9grer le d\u00e9veloppement durable dans le mod\u00e8le d&#039;affaires des entreprises internationales - Tapio\" \/>\n<meta property=\"og:description\" content=\"D\u00e9couvrez le parcours de CBTW en mati\u00e8re de d\u00e9veloppement durable et comment modifier le mod\u00e8le op\u00e9rationnel des entreprises mondiales pour plus de durabilit\u00e9 \ud83c\udf31\" \/>\n<meta property=\"og:url\" content=\"https:\/\/www.tapio.eco\/fr\/events-webinars\/18-juin-webinar-comment-integrer-le-developpement-durable-dans-le-modele-daffaires-des-entreprises-internationales\/\" \/>\n<meta property=\"og:site_name\" content=\"Tapio\" \/>\n<meta property=\"article:modified_time\" content=\"2024-08-09T12:09:46+00:00\" \/>\n<meta property=\"og:image\" content=\"https:\/\/www.tapio.eco\/wp-content\/uploads\/2024\/05\/cbtw-tapio-webinar-18-june-2024.jpg\" \/>\n\t<meta property=\"og:image:width\" content=\"940\" \/>\n\t<meta property=\"og:image:height\" content=\"400\" \/>\n\t<meta property=\"og:image:type\" content=\"image\/jpeg\" \/>\n<meta name=\"twitter:card\" content=\"summary_large_image\" \/>\n<meta name=\"twitter:label1\" content=\"Dur\u00e9e de lecture estim\u00e9e\" \/>\n\t<meta name=\"twitter:data1\" content=\"2 minutes\" \/>\n<script type=\"application\/ld+json\" class=\"yoast-schema-graph\">{\"@context\":\"https:\\\/\\\/schema.org\",\"@graph\":[{\"@type\":\"WebPage\",\"@id\":\"https:\\\/\\\/www.tapio.eco\\\/fr\\\/events-webinars\\\/18-juin-webinar-comment-integrer-le-developpement-durable-dans-le-modele-daffaires-des-entreprises-internationales\\\/\",\"url\":\"https:\\\/\\\/www.tapio.eco\\\/fr\\\/events-webinars\\\/18-juin-webinar-comment-integrer-le-developpement-durable-dans-le-modele-daffaires-des-entreprises-internationales\\\/\",\"name\":\"18 juin | Webinar | Int\u00e9grer le d\u00e9veloppement durable dans le mod\u00e8le d'affaires des entreprises internationales - Tapio\",\"isPartOf\":{\"@id\":\"https:\\\/\\\/www.tapio.eco\\\/fr\\\/#website\"},\"primaryImageOfPage\":{\"@id\":\"https:\\\/\\\/www.tapio.eco\\\/fr\\\/events-webinars\\\/18-juin-webinar-comment-integrer-le-developpement-durable-dans-le-modele-daffaires-des-entreprises-internationales\\\/#primaryimage\"},\"image\":{\"@id\":\"https:\\\/\\\/www.tapio.eco\\\/fr\\\/events-webinars\\\/18-juin-webinar-comment-integrer-le-developpement-durable-dans-le-modele-daffaires-des-entreprises-internationales\\\/#primaryimage\"},\"thumbnailUrl\":\"https:\\\/\\\/www.tapio.eco\\\/wp-content\\\/uploads\\\/2024\\\/05\\\/cbtw-tapio-webinar-18-june-2024.jpg\",\"datePublished\":\"2024-05-31T13:36:20+00:00\",\"dateModified\":\"2024-08-09T12:09:46+00:00\",\"description\":\"D\u00e9couvrez le parcours de CBTW en mati\u00e8re de d\u00e9veloppement durable et comment modifier le mod\u00e8le op\u00e9rationnel des entreprises mondiales pour plus de durabilit\u00e9 \ud83c\udf31\",\"breadcrumb\":{\"@id\":\"https:\\\/\\\/www.tapio.eco\\\/fr\\\/events-webinars\\\/18-juin-webinar-comment-integrer-le-developpement-durable-dans-le-modele-daffaires-des-entreprises-internationales\\\/#breadcrumb\"},\"inLanguage\":\"fr-FR\",\"potentialAction\":[{\"@type\":\"ReadAction\",\"target\":[\"https:\\\/\\\/www.tapio.eco\\\/fr\\\/events-webinars\\\/18-juin-webinar-comment-integrer-le-developpement-durable-dans-le-modele-daffaires-des-entreprises-internationales\\\/\"]}]},{\"@type\":\"ImageObject\",\"inLanguage\":\"fr-FR\",\"@id\":\"https:\\\/\\\/www.tapio.eco\\\/fr\\\/events-webinars\\\/18-juin-webinar-comment-integrer-le-developpement-durable-dans-le-modele-daffaires-des-entreprises-internationales\\\/#primaryimage\",\"url\":\"https:\\\/\\\/www.tapio.eco\\\/wp-content\\\/uploads\\\/2024\\\/05\\\/cbtw-tapio-webinar-18-june-2024.jpg\",\"contentUrl\":\"https:\\\/\\\/www.tapio.eco\\\/wp-content\\\/uploads\\\/2024\\\/05\\\/cbtw-tapio-webinar-18-june-2024.jpg\",\"width\":940,\"height\":400},{\"@type\":\"BreadcrumbList\",\"@id\":\"https:\\\/\\\/www.tapio.eco\\\/fr\\\/events-webinars\\\/18-juin-webinar-comment-integrer-le-developpement-durable-dans-le-modele-daffaires-des-entreprises-internationales\\\/#breadcrumb\",\"itemListElement\":[{\"@type\":\"ListItem\",\"position\":1,\"name\":\"Home\",\"item\":\"https:\\\/\\\/www.tapio.eco\\\/fr\\\/\"},{\"@type\":\"ListItem\",\"position\":2,\"name\":\"Webinars\",\"item\":\"https:\\\/\\\/www.tapio.eco\\\/fr\\\/events-webinars\\\/\"},{\"@type\":\"ListItem\",\"position\":3,\"name\":\"18 juin | Webinar | Int\u00e9grer le d\u00e9veloppement durable dans le mod\u00e8le d&#8217;affaires des entreprises internationales\"}]},{\"@type\":\"WebSite\",\"@id\":\"https:\\\/\\\/www.tapio.eco\\\/fr\\\/#website\",\"url\":\"https:\\\/\\\/www.tapio.eco\\\/fr\\\/\",\"name\":\"Tapio\",\"description\":\"\",\"potentialAction\":[{\"@type\":\"SearchAction\",\"target\":{\"@type\":\"EntryPoint\",\"urlTemplate\":\"https:\\\/\\\/www.tapio.eco\\\/fr\\\/?s={search_term_string}\"},\"query-input\":{\"@type\":\"PropertyValueSpecification\",\"valueRequired\":true,\"valueName\":\"search_term_string\"}}],\"inLanguage\":\"fr-FR\"}]}<\/script>\n<!-- \/ Yoast SEO plugin. -->","yoast_head_json":{"title":"18 juin | Webinar | Int\u00e9grer le d\u00e9veloppement durable dans le mod\u00e8le d'affaires des entreprises internationales - Tapio","description":"D\u00e9couvrez le parcours de CBTW en mati\u00e8re de d\u00e9veloppement durable et comment modifier le mod\u00e8le op\u00e9rationnel des entreprises mondiales pour plus de durabilit\u00e9 \ud83c\udf31","robots":{"index":"index","follow":"follow","max-snippet":"max-snippet:-1","max-image-preview":"max-image-preview:large","max-video-preview":"max-video-preview:-1"},"canonical":"https:\/\/www.tapio.eco\/fr\/events-webinars\/18-juin-webinar-comment-integrer-le-developpement-durable-dans-le-modele-daffaires-des-entreprises-internationales\/","og_locale":"fr_FR","og_type":"article","og_title":"18 juin | Webinar | Int\u00e9grer le d\u00e9veloppement durable dans le mod\u00e8le d'affaires des entreprises internationales - Tapio","og_description":"D\u00e9couvrez le parcours de CBTW en mati\u00e8re de d\u00e9veloppement durable et comment modifier le mod\u00e8le op\u00e9rationnel des entreprises mondiales pour plus de durabilit\u00e9 \ud83c\udf31","og_url":"https:\/\/www.tapio.eco\/fr\/events-webinars\/18-juin-webinar-comment-integrer-le-developpement-durable-dans-le-modele-daffaires-des-entreprises-internationales\/","og_site_name":"Tapio","article_modified_time":"2024-08-09T12:09:46+00:00","og_image":[{"width":940,"height":400,"url":"https:\/\/www.tapio.eco\/wp-content\/uploads\/2024\/05\/cbtw-tapio-webinar-18-june-2024.jpg","type":"image\/jpeg"}],"twitter_card":"summary_large_image","twitter_misc":{"Dur\u00e9e de lecture estim\u00e9e":"2 minutes"},"schema":{"@context":"https:\/\/schema.org","@graph":[{"@type":"WebPage","@id":"https:\/\/www.tapio.eco\/fr\/events-webinars\/18-juin-webinar-comment-integrer-le-developpement-durable-dans-le-modele-daffaires-des-entreprises-internationales\/","url":"https:\/\/www.tapio.eco\/fr\/events-webinars\/18-juin-webinar-comment-integrer-le-developpement-durable-dans-le-modele-daffaires-des-entreprises-internationales\/","name":"18 juin | Webinar | Int\u00e9grer le d\u00e9veloppement durable dans le mod\u00e8le d'affaires des entreprises internationales - Tapio","isPartOf":{"@id":"https:\/\/www.tapio.eco\/fr\/#website"},"primaryImageOfPage":{"@id":"https:\/\/www.tapio.eco\/fr\/events-webinars\/18-juin-webinar-comment-integrer-le-developpement-durable-dans-le-modele-daffaires-des-entreprises-internationales\/#primaryimage"},"image":{"@id":"https:\/\/www.tapio.eco\/fr\/events-webinars\/18-juin-webinar-comment-integrer-le-developpement-durable-dans-le-modele-daffaires-des-entreprises-internationales\/#primaryimage"},"thumbnailUrl":"https:\/\/www.tapio.eco\/wp-content\/uploads\/2024\/05\/cbtw-tapio-webinar-18-june-2024.jpg","datePublished":"2024-05-31T13:36:20+00:00","dateModified":"2024-08-09T12:09:46+00:00","description":"D\u00e9couvrez le parcours de CBTW en mati\u00e8re de d\u00e9veloppement durable et comment modifier le mod\u00e8le op\u00e9rationnel des entreprises mondiales pour plus de durabilit\u00e9 \ud83c\udf31","breadcrumb":{"@id":"https:\/\/www.tapio.eco\/fr\/events-webinars\/18-juin-webinar-comment-integrer-le-developpement-durable-dans-le-modele-daffaires-des-entreprises-internationales\/#breadcrumb"},"inLanguage":"fr-FR","potentialAction":[{"@type":"ReadAction","target":["https:\/\/www.tapio.eco\/fr\/events-webinars\/18-juin-webinar-comment-integrer-le-developpement-durable-dans-le-modele-daffaires-des-entreprises-internationales\/"]}]},{"@type":"ImageObject","inLanguage":"fr-FR","@id":"https:\/\/www.tapio.eco\/fr\/events-webinars\/18-juin-webinar-comment-integrer-le-developpement-durable-dans-le-modele-daffaires-des-entreprises-internationales\/#primaryimage","url":"https:\/\/www.tapio.eco\/wp-content\/uploads\/2024\/05\/cbtw-tapio-webinar-18-june-2024.jpg","contentUrl":"https:\/\/www.tapio.eco\/wp-content\/uploads\/2024\/05\/cbtw-tapio-webinar-18-june-2024.jpg","width":940,"height":400},{"@type":"BreadcrumbList","@id":"https:\/\/www.tapio.eco\/fr\/events-webinars\/18-juin-webinar-comment-integrer-le-developpement-durable-dans-le-modele-daffaires-des-entreprises-internationales\/#breadcrumb","itemListElement":[{"@type":"ListItem","position":1,"name":"Home","item":"https:\/\/www.tapio.eco\/fr\/"},{"@type":"ListItem","position":2,"name":"Webinars","item":"https:\/\/www.tapio.eco\/fr\/events-webinars\/"},{"@type":"ListItem","position":3,"name":"18 juin | Webinar | Int\u00e9grer le d\u00e9veloppement durable dans le mod\u00e8le d&#8217;affaires des entreprises internationales"}]},{"@type":"WebSite","@id":"https:\/\/www.tapio.eco\/fr\/#website","url":"https:\/\/www.tapio.eco\/fr\/","name":"Tapio","description":"","potentialAction":[{"@type":"SearchAction","target":{"@type":"EntryPoint","urlTemplate":"https:\/\/www.tapio.eco\/fr\/?s={search_term_string}"},"query-input":{"@type":"PropertyValueSpecification","valueRequired":true,"valueName":"search_term_string"}}],"inLanguage":"fr-FR"}]}},"_links":{"self":[{"href":"https:\/\/www.tapio.eco\/fr\/wp-json\/wp\/v2\/webinars\/8937","targetHints":{"allow":["GET"]}}],"collection":[{"href":"https:\/\/www.tapio.eco\/fr\/wp-json\/wp\/v2\/webinars"}],"about":[{"href":"https:\/\/www.tapio.eco\/fr\/wp-json\/wp\/v2\/types\/webinars"}],"author":[{"embeddable":true,"href":"https:\/\/www.tapio.eco\/fr\/wp-json\/wp\/v2\/users\/23"}],"replies":[{"embeddable":true,"href":"https:\/\/www.tapio.eco\/fr\/wp-json\/wp\/v2\/comments?post=8937"}],"wp:featuredmedia":[{"embeddable":true,"href":"https:\/\/www.tapio.eco\/fr\/wp-json\/wp\/v2\/media\/9545"}],"wp:attachment":[{"href":"https:\/\/www.tapio.eco\/fr\/wp-json\/wp\/v2\/media?parent=8937"}],"curies":[{"name":"wp","href":"https:\/\/api.w.org\/{rel}","templated":true}]}}